{"id":9242,"date":"2024-10-23T11:20:01","date_gmt":"2024-10-23T10:20:01","guid":{"rendered":"https:\/\/laquitxalla.com\/?post_type=product&#038;p=9242"},"modified":"2024-10-23T11:20:01","modified_gmt":"2024-10-23T10:20:01","slug":"duo-cadira-crosslight-cabas","status":"publish","type":"product","link":"https:\/\/laquitxalla.com\/ca\/producto\/duo-cadira-crosslight-cabas\/","title":{"rendered":"D\u00fao Cadira Crosslight + Cab\u00e0s"},"content":{"rendered":"<p>Caracter\u00edsticas carrito:<\/p>\n<ul>\n<li class=\"header-line\"><strong>Freno de pie: <\/strong>Freno de pie de doble acci\u00f3n sincronizado.<\/li>\n<li class=\"header-line\"><strong>Tejidos reciclados: <\/strong>Tejidos fabricados con materiales reciclados.<\/li>\n<li class=\"header-line\"><strong>Suspensi\u00f3n total: <\/strong>Suspensi\u00f3n delantera y trasera independiente, \u00e9sta \u00faltima graduable en 3 posiciones.<\/li>\n<li class=\"header-line\"><strong>Ruedas 360\u00ba y extra\u00edbles: <\/strong>Ruedas delanteras con giro 360\u00ba, bloqueables y extra\u00edbles. Ruedas traseras extra\u00edbles.<\/li>\n<li class=\"header-line\"><strong>Respaldo multiposici\u00f3n: <\/strong>De 105\u00b0 y hasta 157\u00b0.<\/li>\n<li class=\"header-line\"><strong>Reposapi\u00e9s ajustable: <\/strong>Ajustable para que el peque pueda estirar las piernas o bien doblarlas cuando va incorporado.<\/li>\n<li class=\"header-line\"><strong>Repele el agua y transpirable: <\/strong>Tejidos repelentes al agua y transpirables para un mayor confort.<\/li>\n<li class=\"header-line\"><strong>Protector delantero: <\/strong>Abatible y extra\u00edble.<\/li>\n<li class=\"header-line\"><strong>Protecci\u00f3n Anti-Uva: <\/strong>Tejidos con protecci\u00f3n solar UPF50.<\/li>\n<li class=\"header-line\"><strong>Plegado compacto: <\/strong>Plegado compacto incluso con la hamaca instalada en ambos sentidos. Seguro de apertura accidental.<\/li>\n<li class=\"header-line\"><strong>Manillar ajustable: <\/strong>Ajuste telesc\u00f3pico de 90 cm hasta 104 cm de altura.<\/li>\n<li class=\"header-line\"><strong>LWA LED warning assistance: <\/strong>Luz lateral con 3 programas de iluminaci\u00f3n que favorece la visibilidad en zonas oscuras. Se recarga f\u00e1cilmente con USB.<\/li>\n<li class=\"header-line\"><strong>Cestilla con grandes prestaciones: <\/strong>Extensible en 3 posiciones y de gran volumen con capacidad hasta 4 kg \/ 18 litros. Con espacio para colocar el bolso, accesible incluso una vez plegado y banda lateral reflectante.<\/li>\n<li class=\"header-line\"><strong>Capota XXL y Wind Stopper: <\/strong>Capota extensible y con protecci\u00f3n para el viento para un mayor amparo en condiciones clim\u00e1ticas adversas.<\/li>\n<li class=\"header-line\"><strong>Asa de transporte: <\/strong>Para una mayor comodidad de transporte.<\/li>\n<li class=\"header-line\"><strong>Arn\u00e9s magn\u00e9tico: <\/strong>Muy f\u00e1cil de abrochar y seguro.<\/li>\n<li class=\"header-line\"><strong>Aireaci\u00f3n: <\/strong>Ventana trasera con rejilla para aireaci\u00f3n.<\/li>\n<\/ul>\n<p>Caracter\u00edsticas capazo:<\/p>\n<div class=\"features-type-images\">\n<ul>\n<li class=\"header-line\"><strong>Asa de transporte en la capota: <\/strong>De aluminio oval incorporada en la capota con protecci\u00f3n de PU leather a juego con el tapizado.<\/li>\n<li class=\"header-line\"><strong>Base dura, estable y flexible: <\/strong>De madera natural para una perfecta transpiraci\u00f3n y absorci\u00f3n de humedad.<\/li>\n<li class=\"header-line\"><strong>Capota XXL con ventilaci\u00f3n y Wind Stopper: <\/strong>Capota con protecci\u00f3n para el viento y ventana con cierre de cremallera.<\/li>\n<li class=\"header-line\"><strong>Coj\u00edn de descanso: <\/strong>Previene y combate malformaciones cef\u00e1licas.<\/li>\n<li class=\"header-line\"><strong>Colch\u00f3n y respaldo: <\/strong>Colch\u00f3n interior de serie con respaldo reclinable (155\u00b0-180\u00b0) para mantener al beb\u00e9 semi incorporado.<\/li>\n<li class=\"header-line\"><strong>Plegado: <\/strong>Sistema de plegado patentado que facilita el transporte o almacenaje.<\/li>\n<li class=\"header-line\"><strong>Sistema Pro-Fix: <\/strong>Compatible con los carritos Jan\u00e9 mediante el sistema Pro-Fix de Jan\u00e9. Dispone de tiras para una sujeci\u00f3n extra al chasis.<\/li>\n<li class=\"header-line\"><strong>Tapizado: <\/strong>Desenfundable y lavable.<\/li>\n<li class=\"header-line\"><strong>Transpirable y repele el agua: <\/strong>Tejidos repelentes al agua y transpirables para un mayor confort.<\/li>\n<li class=\"header-line\"><strong>Ventana: <\/strong>Ventana con cierre de cremallera en la parte trasera que favorece la circulaci\u00f3n del aire.<\/li>\n<\/ul>\n<\/div>\n<p>Medidas y peso:<\/p>\n<div class=\"features-type-simple\">\n<ul>\n<li style=\"list-style-type: none;\">\n<ul>\n<li><strong>Edad\/altura\/peso del beb\u00e9: <\/strong>0 &#8211; 22 kg. Capazo Sweet: 0-9kg.<\/li>\n<li class=\"header-line\"><strong>Peso del producto: <\/strong>Chasis: 7,9 kg. Hamaca: 4,3 kg.<\/li>\n<li class=\"header-line\"><strong>Medidas chasis con hamaca: <\/strong>Desplegado: 77\/98 x 58 x 90\/104 cm. Plegado: 62,5 x 58 x 28,5 cm. Respaldo: 32 cm x 46,5 cm. Asiento: 32 cm x 26 cm.<\/li>\n<li class=\"header-line\"><strong>Medidas capazo Sweet: <\/strong>Desplegado: 82 x 46 x 62 cm. Plegado: 82 x 46 x 15 cm.<\/li>\n<li class=\"header-line\"><strong>Ruedas: <\/strong>Di\u00e1metro ruedas traseras \u00d825 cm. Di\u00e1metro ruedas delanteras \u00d820,8 cm.<\/li>\n<\/ul>\n<\/li>\n<\/ul>\n<\/div>\n","protected":false},"excerpt":{"rendered":"<p>El modelo Crosslight en combinaci\u00f3n con el capazo Sweet es el d\u00fao todoterreno m\u00e1s equipado desde reci\u00e9n nacido. Un capazo con tejidos 100% reciclados y un colch\u00f3n interior de serie con respaldo para mantener al beb\u00e9 semi incorporado. Tu beb\u00e9 ir\u00e1 c\u00f3modamente descansando en el capazo Sweet y m\u00e1s tarde descubrir\u00e1 el mundo a bordo del cochecito Crosslight.<\/p>\n","protected":false},"featured_media":9248,"comment_status":"open","ping_status":"closed","template":"","meta":{"_lmt_disableupdate":"","_lmt_disable":""},"pwb-brand":[83],"product_brand":[],"product_cat":[15,23],"product_tag":[288,301,304,305,287],"class_list":{"0":"post-9242","1":"product","2":"type-product","3":"status-publish","4":"has-post-thumbnail","6":"pwb-brand-jane","7":"product_cat-puericultura","8":"product_cat-sillas-paseo","9":"product_tag-cadira-de-passeig","10":"product_tag-capazo","11":"product_tag-crosslight","12":"product_tag-jane","13":"product_tag-silla-de-paseo","15":"first","16":"instock","17":"taxable","18":"shipping-taxable","19":"purchasable","20":"product-type-variable"},"brands":[{"id":83,"name":"Jan\u00e9","slug":"jane"}],"_links":{"self":[{"href":"https:\/\/laquitxalla.com\/ca\/wp-json\/wp\/v2\/product\/9242","targetHints":{"allow":["GET"]}}],"collection":[{"href":"https:\/\/laquitxalla.com\/ca\/wp-json\/wp\/v2\/product"}],"about":[{"href":"https:\/\/laquitxalla.com\/ca\/wp-json\/wp\/v2\/types\/product"}],"replies":[{"embeddable":true,"href":"https:\/\/laquitxalla.com\/ca\/wp-json\/wp\/v2\/comments?post=9242"}],"wp:featuredmedia":[{"embeddable":true,"href":"https:\/\/laquitxalla.com\/ca\/wp-json\/wp\/v2\/media\/9248"}],"wp:attachment":[{"href":"https:\/\/laquitxalla.com\/ca\/wp-json\/wp\/v2\/media?parent=9242"}],"wp:term":[{"taxonomy":"pwb-brand","embeddable":true,"href":"https:\/\/laquitxalla.com\/ca\/wp-json\/wp\/v2\/pwb-brand?post=9242"},{"taxonomy":"product_brand","embeddable":true,"href":"https:\/\/laquitxalla.com\/ca\/wp-json\/wp\/v2\/product_brand?post=9242"},{"taxonomy":"product_cat","embeddable":true,"href":"https:\/\/laquitxalla.com\/ca\/wp-json\/wp\/v2\/product_cat?post=9242"},{"taxonomy":"product_tag","embeddable":true,"href":"https:\/\/laquitxalla.com\/ca\/wp-json\/wp\/v2\/product_tag?post=9242"}],"curies":[{"name":"wp","href":"https:\/\/api.w.org\/{rel}","templated":true}]}}